{"id":1936,"date":"2017-12-27T18:13:03","date_gmt":"2017-12-27T18:13:03","guid":{"rendered":"http:\/\/galaxy.agh.edu.pl\/~swagh\/?page_id=1936"},"modified":"2022-01-21T08:43:49","modified_gmt":"2022-01-21T08:43:49","slug":"zaproszenie-rektora-agh-i-przewodniczacego-sw-agh","status":"publish","type":"page","link":"https:\/\/swagh.agh.edu.pl\/?page_id=1936","title":{"rendered":"Zaproszenie Rektora AGH i Prezesa SW AGH"},"content":{"rendered":"<ul>\n<li style=\"list-style-type: none;\">\n<ul>\n<li>prof. Jerzego Lisa &#8211; Rektora AGH<br \/>\nzaproszenie do uczestnictwa w uroczysto\u015bci wr\u0119czenia \u201eZ\u0142otego Indeksu&#8221;<\/li>\n<\/ul>\n<\/li>\n<\/ul>\n<p><a href=\"https:\/\/swagh.agh.edu.pl\/wp-content\/uploads\/2022\/01\/IMG_20220121_094148.jpg\"><img loading=\"lazy\" decoding=\"async\" class=\"aligncenter wp-image-2044 size-medium\" src=\"https:\/\/swagh.agh.edu.pl\/wp-content\/uploads\/2018\/01\/zlote_zaproszenie_rektora-212x300.jpg\" alt=\"\" width=\"212\" height=\"300\" srcset=\"https:\/\/swagh.agh.edu.pl\/wp-content\/uploads\/2018\/01\/zlote_zaproszenie_rektora-212x300.jpg 212w, https:\/\/swagh.agh.edu.pl\/wp-content\/uploads\/2018\/01\/zlote_zaproszenie_rektora-768x1086.jpg 768w, https:\/\/swagh.agh.edu.pl\/wp-content\/uploads\/2018\/01\/zlote_zaproszenie_rektora-724x1024.jpg 724w\" sizes=\"auto, (max-width: 212px) 100vw, 212px\" \/><\/a><\/p>\n<ul>\n<li style=\"list-style-type: none;\">\n<ul>\n<li>prof. Piotra Czai &#8211; Prezesa Stowarzyszenia Wychowank\u00f3w AGH<br \/>\nzaproszenie do uczestnictwa w uroczysto\u015bci wr\u0119czenia \u201eZ\u0142otego Indeksu&#8221;<\/li>\n<\/ul>\n<\/li>\n<\/ul>\n<p><a href=\"https:\/\/swagh.agh.edu.pl\/wp-content\/uploads\/2021\/11\/zaproszenie-Prezesa-Zloty-Indeks.pdf\" target=\"_blank\" rel=\"noopener\"><img loading=\"lazy\" decoding=\"async\" class=\"aligncenter wp-image-4692 size-medium\" src=\"https:\/\/swagh.agh.edu.pl\/wp-content\/uploads\/2021\/11\/zaproszenie-Prezesa-ZI-2-212x300.png\" alt=\"\" width=\"212\" height=\"300\" srcset=\"https:\/\/swagh.agh.edu.pl\/wp-content\/uploads\/2021\/11\/zaproszenie-Prezesa-ZI-2-212x300.png 212w, https:\/\/swagh.agh.edu.pl\/wp-content\/uploads\/2021\/11\/zaproszenie-Prezesa-ZI-2.png 568w\" sizes=\"auto, (max-width: 212px) 100vw, 212px\" \/><\/a><\/p>\n","protected":false},"excerpt":{"rendered":"<p>prof. Jerzego Lisa &#8211; Rektora AGH zaproszenie do uczestnictwa w uroczysto\u015bci wr\u0119czenia \u201eZ\u0142otego Indeksu&#8221; prof. Piotra Czai &#8211; Prezesa Stowarzyszenia Wychowank\u00f3w AGH zaproszenie do uczestnictwa w uroczysto\u015bci wr\u0119czenia \u201eZ\u0142otego Indeksu&#8221;<\/p>\n","protected":false},"author":1,"featured_media":0,"parent":1902,"menu_order":0,"comment_status":"closed","ping_status":"closed","template":"","meta":{"footnotes":"","_links_to":"","_links_to_target":""},"class_list":["post-1936","page","type-page","status-publish","hentry"],"_links":{"self":[{"href":"https:\/\/swagh.agh.edu.pl\/index.php?rest_route=\/wp\/v2\/pages\/1936","targetHints":{"allow":["GET"]}}],"collection":[{"href":"https:\/\/swagh.agh.edu.pl\/index.php?rest_route=\/wp\/v2\/pages"}],"about":[{"href":"https:\/\/swagh.agh.edu.pl\/index.php?rest_route=\/wp\/v2\/types\/page"}],"author":[{"embeddable":true,"href":"https:\/\/swagh.agh.edu.pl\/index.php?rest_route=\/wp\/v2\/users\/1"}],"replies":[{"embeddable":true,"href":"https:\/\/swagh.agh.edu.pl\/index.php?rest_route=%2Fwp%2Fv2%2Fcomments&post=1936"}],"version-history":[{"count":16,"href":"https:\/\/swagh.agh.edu.pl\/index.php?rest_route=\/wp\/v2\/pages\/1936\/revisions"}],"predecessor-version":[{"id":4929,"href":"https:\/\/swagh.agh.edu.pl\/index.php?rest_route=\/wp\/v2\/pages\/1936\/revisions\/4929"}],"up":[{"embeddable":true,"href":"https:\/\/swagh.agh.edu.pl\/index.php?rest_route=\/wp\/v2\/pages\/1902"}],"wp:attachment":[{"href":"https:\/\/swagh.agh.edu.pl\/index.php?rest_route=%2Fwp%2Fv2%2Fmedia&parent=1936"}],"curies":[{"name":"wp","href":"https:\/\/api.w.org\/{rel}","templated":true}]}}