{"id":6106,"date":"2023-04-28T16:06:33","date_gmt":"2023-04-28T16:06:33","guid":{"rendered":"https:\/\/swagh.agh.edu.pl\/?page_id=6106"},"modified":"2023-05-30T08:56:48","modified_gmt":"2023-05-30T08:56:48","slug":"rajdy-sw-agh-2023","status":"publish","type":"page","link":"https:\/\/swagh.agh.edu.pl\/?page_id=6106","title":{"rendered":"RAJDY SW AGH 2023"},"content":{"rendered":"\n<h2 class=\"has-text-align-center wp-block-heading\">Rajd 110 lecia AGH- Wis\u0142a 27-28.05.2023<\/h2>\n\n\n\n<p><\/p>\n\n\n\n<h3 class=\"has-text-align-center wp-block-heading\"><a href=\"https:\/\/swagh.agh.edu.pl\/?p=6162&amp;customize_changeset_uuid=465dbac1-bc2b-40e8-9243-bb73938fc356&amp;customize_autosaved=on\" target=\"_blank\" rel=\"noreferrer noopener\">RELACJA Z WIOSENNEGO \u201eRAJDU 110-LECIA AGH\u201d<\/a><\/h3>\n\n\n\n<p><\/p>\n\n\n\n<p><strong>Szanowni Pa\u0144stwo<\/strong><br><strong>Wytrwali w\u0119drowcy g\u00f3rscy.<br>Z przykro\u015bci\u0105 informuj\u0119, \u017ce ze wzgl\u0119du na niekorzystny zbieg okoliczno\u015bci rajd, na kt\u00f3ry si\u0119 zg\u0142osili\u015bcie w Wi\u015ble w dniach 27-28.05.2023 niestety zosta\u0142 formalnie odwo\u0142any.<\/strong><br><br><strong>Wszystkie dokonane wp\u0142aty na ten cel zostan\u0105 zwr\u00f3cone na rachunki bankowe, z kt\u00f3rych pieni\u0105dze wp\u0142yn\u0119\u0142y. Nie oznacza to \u017ce musicie pa\u0144stwo zrezygnowa\u0107 z wyjazdu do Wis\u0142y, zw\u0142aszcza je\u015bli macie zrobione rezerwacje nocleg\u00f3w. Niewielka grupa uczestnik\u00f3w b\u0119dzie w Wi\u015ble w tym terminie i mo\u017ce doj\u015b\u0107 do ograniczonego spotkania w jakim\u015b wsp\u00f3lnie uzgodnionym miejscu, aby razem pow\u0119drowa\u0107 w g\u00f3ry i wieczorem w sobot\u0119 spotka\u0107 si\u0119 przy piwku i ew. grillu. O swojej decyzji i ewentualnej ch\u0119ci spotkania si\u0119 prosz\u0119 kontaktowa\u0107 si\u0119 wprost ze mn\u0105 na telefon: 693 550 176 lub na m\u00f3j adres mailowy: <a href=\"mailto:czjap@agh.edu.pl\">czajap@agh.edu.pl<\/a><\/strong><br><br><strong>Przepraszam za zamieszanie i serdecznie pozdrawiam<br>Piotr Czaja<br>Prezes SW AGH<\/strong><br><\/p>\n\n\n\n<ol class=\"wp-block-list\"><li>Link do karty zg\u0142oszenia: <strong><a rel=\"noreferrer noopener\" href=\"https:\/\/docs.google.com\/forms\/d\/1aVhmG7zAWXp2bGNCb_Mx3gww_qdb12dGUJi3Yul6MUc\/edit\" target=\"_blank\">FORMULARZ ZG\u0141OSZENIOWY<\/a><\/strong><\/li><li>Opis og\u00f3lny imprezy z trasami i programem czasowym.<\/li><\/ol>\n\n\n\n<p class=\"has-text-align-center\"><strong>Informacje organizacyjne<\/strong><\/p>\n\n\n\n<p><strong>Baza Rajdu<\/strong><\/p>\n\n\n\n<p><strong>Oczekujemy na potwierdzenia ofert hoteli i pensjonat\u00f3w.<\/strong><\/p>\n\n\n\n<p><strong>Ramowy program<\/strong><\/p>\n\n\n\n<p><strong>27 maja (sobota)<br><\/strong><strong>Dojazd do bazy rajdu we w\u0142asnym zakresie<\/strong><\/p>\n\n\n\n<p><strong>9.00<\/strong> \u2013 start grupy tras\u0105 nr 1<br><strong>11.00<\/strong> \u2013 start grupy tras\u0105 nr 2<\/p>\n\n\n\n<p><strong>12.30 \u2013 14.00<\/strong> Spotkanie uczestnik\u00f3w w Schronisku na Soszowie Wielkim.<\/p>\n\n\n\n<p>Spotkanie z W\u0142adzami AGH. Czas na posi\u0142ek i napoje zamawiane we w\u0142asnym zakresie).<\/p>\n\n\n\n<p><strong>15.30<\/strong> &#8211; Powr\u00f3t do O\u015brodka i miejsc noclegowych.<\/p>\n\n\n\n<p><strong>18.30<\/strong> \u2013 Rozpocz\u0119cie spotkania integracyjnego<\/p>\n\n\n\n<p>Miejsce b\u0119dzie ustalone po skompletowaniu listy uczestnik\u00f3w&nbsp; i poznaniu liczby Rajdowicz\u00f3w.<\/p>\n\n\n\n<p><strong>28 maja (niedziela)<\/strong><\/p>\n\n\n\n<p><strong>10.00<\/strong>\u2013<strong>12.00<\/strong> &nbsp; \u2013 spotkania po\u017cegnalne (miejsce b\u0119dzie podane p\u00f3\u017aniej)<br><strong>12.00<\/strong> &nbsp;&nbsp;&nbsp;&nbsp;&nbsp;&nbsp;&nbsp;&nbsp;&nbsp;&nbsp;&nbsp;&nbsp;&nbsp; \u2013 indywidualne wycieczki w g\u00f3ry oraz wyjazd uczestnik\u00f3w.<\/p>\n\n\n\n<p><strong>Trasy rajdu<\/strong><\/p>\n\n\n\n<p><strong>Rajd SW AGH \u201e110 lat AGH\u201d obejmuje dwie trasy, kt\u00f3re wiod\u0105 szlakami dooko\u0142a Wis\u0142y:<\/strong><\/p>\n\n\n\n<p><strong>Trasa 1<\/strong><strong>. (d\u0142u\u017csza)<\/strong> &nbsp;I \u2013 Start Jawornik, Wis\u0142a ul. Lipowa, szlak spacerowy Skolnity, szlak zielony Pod Jaworem, Schronisko na Soszowie Wielkim, powr\u00f3t do Jawornik.<\/p>\n\n\n\n<p>Charakterystyka trasy: 13,2 km, 4,5 h, najwy\u017cszy punkt 799 m n.p.m, suma zej\u015b\u0107\/podej\u015b\u0107 ok 600 m\/600m.<\/p>\n\n\n\n<p><a href=\"https:\/\/mapa-turystyczna.pl\/route\/3wr0g\">https:\/\/mapa-turystyczna.pl\/route\/3wr0g<\/a><\/p>\n\n\n\n<figure class=\"wp-block-image size-full\"><a href=\"https:\/\/swagh.agh.edu.pl\/wp-content\/uploads\/2023\/04\/image-12.png\"><img decoding=\"async\" src=\"https:\/\/swagh.agh.edu.pl\/wp-content\/uploads\/2023\/04\/image-12.png\" alt=\"\" class=\"wp-image-6118\"\/><\/a><\/figure>\n\n\n\n<p><strong>Trasa 2 (kr\u00f3tsza)<\/strong>.&nbsp; II \u2013 Start Jawornik-baza, szlak do Schroniska na Soszowie Wielkim, powr\u00f3t t\u0105 sam\u0105 tras\u0105.<\/p>\n\n\n\n<p>Charakterystyka trasy: 6,3 km, 2,5 h, najwy\u017cszy punkt 799 m n.p.m, suma zej\u015b\u0107\/podej\u015b\u0107 ok 320 m\/ 320 m<\/p>\n\n\n\n<p><a href=\"https:\/\/mapa-turystyczna.pl\/route\/3edmm\">https:\/\/mapa-turystyczna.pl\/route\/3edmm<\/a><\/p>\n\n\n\n<figure class=\"wp-block-image size-full\"><a href=\"https:\/\/swagh.agh.edu.pl\/wp-content\/uploads\/2023\/04\/image-13.png\"><img loading=\"lazy\" decoding=\"async\" width=\"945\" height=\"372\" src=\"https:\/\/swagh.agh.edu.pl\/wp-content\/uploads\/2023\/04\/image-13.png\" alt=\"\" class=\"wp-image-6119\" srcset=\"https:\/\/swagh.agh.edu.pl\/wp-content\/uploads\/2023\/04\/image-13.png 945w, https:\/\/swagh.agh.edu.pl\/wp-content\/uploads\/2023\/04\/image-13-300x118.png 300w, https:\/\/swagh.agh.edu.pl\/wp-content\/uploads\/2023\/04\/image-13-768x302.png 768w\" sizes=\"auto, (max-width: 945px) 100vw, 945px\" \/><\/a><\/figure>\n\n\n\n<p class=\"has-text-align-left\"><strong>Trasy rajdu pokonujemy w samodzielnie dobranych grupach<\/strong>.<\/p>\n\n\n\n<p><br><strong>Recepcja Rajdu SW AGH<\/strong>&nbsp;<\/p>\n\n\n\n<p class=\"has-text-align-left\"><strong><span style=\"color:#147aa5\" class=\"has-inline-color\">Arkadiusz Jesionek &nbsp;&nbsp;Tel.&nbsp; nr: &nbsp;691&nbsp;620&nbsp;066<\/span><\/strong><\/p>\n\n\n\n<p><strong><span style=\"color:#1a78a1\" class=\"has-inline-color\">oraz biuro Stowarzyszenia Wychowank\u00f3w AGH.<\/span><\/strong><\/p>\n\n\n\n<p><strong>Zakwaterowanie<\/strong><\/p>\n\n\n\n<p>Uczestnicy organizuj\u0105 sobie nocleg we w\u0142asnym zakresie korzystaj\u0105c z bogatej oferty noclegowej Wis\u0142y. Dobrze, aby noclegi by\u0142y zlokalizowane w pobli\u017cu tras rajdowych, co u\u0142atwi nam ew. wsp\u00f3lne wyj\u015bcie na tras\u0119 lub \u0142atwe do\u0142\u0105czenie do uczestnik\u00f3w.<\/p>\n\n\n\n<p>Po powrocie z tras jak i spotkania integracyjnego uczestnicy indywidualnie udaj\u0105 si\u0119 do miejsc zakwaterowania.<\/p>\n\n\n\n<p><strong>Rajdowe spotkanie integracyjne<\/strong><\/p>\n\n\n\n<p>Miejsce: Do wyboru, zale\u017cnie od ilo\u015bci uczestnik\u00f3w (b\u0119dzie podane p\u00f3\u017aniej).<\/p>\n\n\n\n<p>Nasze spotkanie rozpoczniemy o godz. 18.30. Przez ca\u0142y czas b\u0119d\u0105 mogli Pa\u0144stwo korzysta\u0107 z&nbsp;bufetu, kt\u00f3ry b\u0119dzie otwarty do p\u00f3\u0142nocy <strong>(w ramach wniesionej op\u0142aty rajdowej).<\/strong> Wsp\u00f3lne biesiadowanie u\u015bwietni\u0105 uczestnicy ze zdolno\u015bciami muzycznymi i wokalnymi.<\/p>\n\n\n\n<p><strong>Porady dodatkowe<\/strong><\/p>\n\n\n\n<ul class=\"wp-block-list\"><li>Ubi\u00f3r: przede wszystkim nale\u017cy mie\u0107 wygodne turystyczne buty. Przygotowuj\u0105c si\u0119 do wyjazdu, warto zabra\u0107 m.in. polar lub sweter, kurtk\u0119 przeciwdeszczow\u0105 lub peleryn\u0119, czapk\u0119, chust\u0119 na g\u0142ow\u0119.<\/li><li>Baga\u017c nale\u017cy spakowa\u0107 do plecaka (dobrze w\u0142o\u017cy\u0107 wszystko do reklam\u00f3wek, co w&nbsp;razie deszczowej pogody, uchroni rzeczy przed przemoczeniem).<\/li><li>Nale\u017cy pami\u0119ta\u0107 o zabraniu lek\u00f3w przyjmowanych regularnie oraz podstawowej apteczki (m.in. kilka plastr\u00f3w z opatrunkiem, np. w razie nieprzewidzianych obtar\u0107).<\/li><li>Jedzenie na tras\u0119 ka\u017cdy przygotowuje we w\u0142asnym zakresie (m.in. warto wzi\u0105\u0107 termos z herbat\u0105, a tak\u017ce zaopatrzy\u0107 si\u0119 w co\u015b s\u0142odkiego).<\/li><\/ul>\n\n\n\n<p><strong>Informacje organizacyjne<\/strong><\/p>\n\n\n\n<ul class=\"wp-block-list\"><li>Uczestnicy bior\u0105 udzia\u0142 w rajdzie na w\u0142asn\u0105 odpowiedzialno\u015b\u0107. Uczestnicy mog\u0105 ubezpieczy\u0107 si\u0119 dobrowolnie we w\u0142asnym zakresie.<\/li><li>Organizatorzy nie ponosz\u0105 odpowiedzialno\u015bci wzgl\u0119dem uczestnik\u00f3w za wypadki losowe, szkody osobowe, rzeczowe i maj\u0105tkowe, kt\u00f3re wyst\u0105pi\u0105 w trakcie rajdu.<\/li><li>Uczestnicy ponosz\u0105 odpowiedzialno\u015b\u0107 prawn\u0105 i materialn\u0105 za poniesione<br>lub spowodowane szkody.<\/li><li>Za niew\u0142a\u015bciwe zachowanie uczestnicy mog\u0105 zosta\u0107 usuni\u0119ci z udzia\u0142u w wydarzeniu.<\/li><li>Uczestnictwo w rajdzie oznacza zgod\u0119 na publikacj\u0119 wizerunku uczestnika w&nbsp;materia\u0142ach promocyjnych oraz mediach spo\u0142eczno\u015bciowych AGH.<\/li><\/ul>\n\n\n\n<p><strong>W razie pyta\u0144 zapraszamy do kontaktu. Informacje na stronie internetowej Stowarzyszenia:<\/strong><\/p>\n\n\n\n<p><strong><a rel=\"noreferrer noopener\" href=\"https:\/\/swagh.agh.edu.pl\/?page_id=6106&amp;customize_changeset_uuid=465dbac1-bc2b-40e8-9243-bb73938fc356&amp;customize_autosaved=on\" target=\"_blank\">RAJDY SW AGH 2023<\/a><\/strong><\/p>\n\n\n\n<ul class=\"wp-block-list\"><li>lub e-mail:&nbsp; <a href=\"mailto:swagh@agh.edu.pl\">swagh@agh.edu.pl<\/a><\/li><li>telefon: Biuro Stowarzyszenia Wychowank\u00f3w AGH &nbsp;nr (12) 617 32 84<\/li><\/ul>\n\n\n\n<p class=\"has-text-align-center\">Link do karty zg\u0142oszenia:&nbsp;<strong><a rel=\"noreferrer noopener\" href=\"https:\/\/docs.google.com\/forms\/d\/1aVhmG7zAWXp2bGNCb_Mx3gww_qdb12dGUJi3Yul6MUc\/edit\" target=\"_blank\">FORMULARZ ZG\u0141OSZENIOWY<\/a><\/strong><\/p>\n\n\n\n<p><strong>Op\u0142ata rajdowa zawiera\u0107 b\u0119dzie udzia\u0142 w wieczornym spotkaniu integracyjnym oraz drobny gad\u017cet rajdowy.<\/strong><\/p>\n\n\n\n<p><strong>Nale\u017cno\u015b\u0107 w wysoko\u015bci 190 z\u0142 od osoby prosimy wp\u0142aca\u0107 na konto Stowarzyszenia nr:<\/strong><\/p>\n\n\n\n<p class=\"has-text-align-center\"><strong>91 1020 2892 0000 5002 0015 7412<\/strong><strong><\/strong><\/p>\n\n\n\n<p><strong>W przelewie konieczny jest dopisek: <\/strong><strong>\u201eRajd AGH \u2013 imi\u0119 i nazwisko\u201d<\/strong><\/p>\n\n\n\n<p><strong>Zalecamy wp\u0142aty elektroniczne Online, kt\u00f3r\u0105 znajdziecie na stronie g\u0142\u00f3wnej Stowarzyszenia Wychowank\u00f3w w zak\u0142adce: <\/strong><strong>\u201eDarowizny &#8211; wp\u0142aty online\u201d<\/strong><strong><\/strong><\/p>\n\n\n\n<p>Op\u0142ata rajdowa obejmuje: gad\u017cet rajdowy oraz bufet grillowy i napoje podczas wieczornego spotkania integracyjnego.<\/p>\n\n\n\n<p><strong>Zapraszamy i do zobaczenia w Wi\u015ble!<\/strong><\/p>\n","protected":false},"excerpt":{"rendered":"<p>Rajd 110 lecia AGH- Wis\u0142a 27-28.05.2023 RELACJA Z WIOSENNEGO \u201eRAJDU 110-LECIA AGH\u201d Szanowni Pa\u0144stwoWytrwali w\u0119drowcy g\u00f3rscy.Z przykro\u015bci\u0105 informuj\u0119, \u017ce ze wzgl\u0119du na niekorzystny zbieg okoliczno\u015bci rajd, na kt\u00f3ry si\u0119 zg\u0142osili\u015bcie w Wi\u015ble w dniach 27-28.05.2023<\/p>\n","protected":false},"author":1,"featured_media":0,"parent":0,"menu_order":0,"comment_status":"closed","ping_status":"closed","template":"","meta":{"footnotes":"","_links_to":"","_links_to_target":""},"class_list":["post-6106","page","type-page","status-publish","hentry"],"_links":{"self":[{"href":"https:\/\/swagh.agh.edu.pl\/index.php?rest_route=\/wp\/v2\/pages\/6106","targetHints":{"allow":["GET"]}}],"collection":[{"href":"https:\/\/swagh.agh.edu.pl\/index.php?rest_route=\/wp\/v2\/pages"}],"about":[{"href":"https:\/\/swagh.agh.edu.pl\/index.php?rest_route=\/wp\/v2\/types\/page"}],"author":[{"embeddable":true,"href":"https:\/\/swagh.agh.edu.pl\/index.php?rest_route=\/wp\/v2\/users\/1"}],"replies":[{"embeddable":true,"href":"https:\/\/swagh.agh.edu.pl\/index.php?rest_route=%2Fwp%2Fv2%2Fcomments&post=6106"}],"version-history":[{"count":10,"href":"https:\/\/swagh.agh.edu.pl\/index.php?rest_route=\/wp\/v2\/pages\/6106\/revisions"}],"predecessor-version":[{"id":6172,"href":"https:\/\/swagh.agh.edu.pl\/index.php?rest_route=\/wp\/v2\/pages\/6106\/revisions\/6172"}],"wp:attachment":[{"href":"https:\/\/swagh.agh.edu.pl\/index.php?rest_route=%2Fwp%2Fv2%2Fmedia&parent=6106"}],"curies":[{"name":"wp","href":"https:\/\/api.w.org\/{rel}","templated":true}]}}